{"id":472,"date":"2020-08-26T07:47:07","date_gmt":"2020-08-26T07:47:07","guid":{"rendered":"https:\/\/staging.icadsl.com\/?page_id=472"},"modified":"2020-08-26T07:55:06","modified_gmt":"2020-08-26T07:55:06","slug":"politica-de-privacitat","status":"publish","type":"page","link":"https:\/\/icadsl.com\/index.php\/politica-de-privacitat\/","title":{"rendered":"Pol\u00edtica de Privacitat"},"content":{"rendered":"\n<figure class=\"wp-block-table\"><table><tbody><tr><td>RESPONSABLE<\/td><td>ICAD PROFESSIONAL, S.L.<\/td><td>+info<\/td><\/tr><tr><td>FINALITAT<\/td><td>\u2022&nbsp;realitzar les gestions comercials i administratives necess\u00e0ries amb els usuaris de la web<br>\u2022&nbsp;remetre les comunicacions comercials publicit\u00e0ries per email, fax, SMS, MMS, comunitats socials o qualsevol altre mitj\u00e0 electr\u00f2nic o f\u00edsic (si ha acceptat pr\u00e8viament)<br>\u2022&nbsp;respondre a les consultes i\/o proporcionar informacions requerides per l&#8217;Usuari;<br>\u2022&nbsp;realitzar les prestacions de serveis i\/o productes contractats o subscrits per l&#8217;Usuari &#8211; Gesti\u00f3 de CV<\/td><td>+info<\/td><\/tr><tr><td>LEGITIMACI\u00d3 DESTINATARIS<\/td><td>\u2022&nbsp;Consentiment d&#8217;afectat.<br>\u2022 Execuci\u00f3 d&#8217;un contracte.<br>\u2022&nbsp;Obligaci\u00f3 legal.<br>\u2022&nbsp;Inter\u00e8s leg\u00edtim del responsable del tractament.<\/td><td>+info<\/td><\/tr><tr><td>ESTINATARIS DE CESSIONS I TRANSFER\u00c8NCIES INTERNACIONALS<\/td><td>Les seves dades no se cediran a tercers excepte per obligaci\u00f3 legal. No es faran transfer\u00e8ncies internacionals sense el seu consentiment previ.<\/td><td>+info<\/td><\/tr><tr><td>DRETS<\/td><td>Accedir, rectificar, i cancel\u00b7lar les dades, aix\u00ed com els altres drets indicats en la informaci\u00f3 addicional.<\/td><td>+info<\/td><\/tr><tr><td>CONSERVACI\u00d3<\/td><td>Les seves dades es mantindran en els registres de tractament de la nostra titularitat mentre la seva conservaci\u00f3 sigui necess\u00e0ria per atendre la finalitat que va motivar la seva recollida aix\u00ed com durant el termini d&#8217;atenci\u00f3 de possibles obligacions legals.<\/td><td>+info<\/td><\/tr><tr><td>INFORMACI\u00d3 ADDICIONAL<\/td><td>Pot consultar la informaci\u00f3 addicional i detallada sobre Protecci\u00f3 de Dades a la nostra p\u00e0gina web: &nbsp;<br>\u2022 <a rel=\"noreferrer noopener\" href=\"\/index.php\/avis-legal\/\" target=\"_blank\">Avis Legal<\/a> <br>\u2022 <a rel=\"noreferrer noopener\" href=\"\/index.php\/politica-de-privacitat\/\" target=\"_blank\">Pol\u00edtica de Privacitat <\/a><br>\u2022 <a rel=\"noreferrer noopener\" href=\"\/index.php\/politica-de-galetes\/\" target=\"_blank\">Pol\u00edtica de Cookies<\/a><\/td><td>&nbsp;<\/td><\/tr><\/tbody><\/table><\/figure>\n\n\n\n<!--more-->\n\n\n\n<!--more-->\n\n\n\n<p><strong>RESPONSABLE DEL TRACTAMENT<\/strong><\/p>\n\n\n\n<p><strong>Identitat: ICAD PROFESSIONAL, S.L.<\/strong> (tamb\u00e9 el prestador)<\/p>\n\n\n\n<p><strong>NIF:<\/strong> B55199590<\/p>\n\n\n\n<p><strong>Adre\u00e7a postal:<\/strong> C. Masos, 8, 17469 EL Far D&#8217;empord\u00e0, (Girona)<\/p>\n\n\n\n<p><strong>Correu electr\u00f2nic:<\/strong> <a href=\"mailto:info@\">info@<\/a><\/p>\n\n\n\n<p><strong>ICAD PROFESSIONAL, S.L.<\/strong>, com a responsable del Lloc web, de conformitat amb el que disposa el Reglament (UE) 2016\/679 de 27 d&#8217;abril de 2016 (RGPD), la Llei Org\u00e0nica 3\/2018 de 5 de desembre (LOPDGDD) i dem\u00e9s normativa legal vigent en mat\u00e8ria de protecci\u00f3 de dades personals, i per la Llei 34\/2002, d&#8217;11 de juliol, de Serveis de la Societat de la Informaci\u00f3 i del Comer\u00e7 Electr\u00f2nic (LSSICE), l&#8217;informa que t\u00e9 implementades les mesures de seguretat necess\u00e0ries, d&#8217;\u00edndole t\u00e8cnica i organitzatives, per garantir i protegir la confidencialitat, integritat i disponibilitat de les dades introdu\u00efdes.<\/p>\n\n\n\n<p><strong>FINALITAT DEL TRACTAMENT<\/strong><\/p>\n\n\n\n<p>Les seves dades personals nom\u00e9s s&#8217;utilitzaran per a les seg\u00fcents finalitats:<\/p>\n\n\n\n<ul class=\"wp-block-list\"><li>Realitzar les gestions comercials i administratives necess\u00e0ries amb els usuaris de la web;<\/li><li>Remetre les comunicacions comercials publicit\u00e0ries per email, fax, SMS, MMS, comunitats socials o qualsevol altre mitj\u00e0 electr\u00f2nic o f\u00edsic, en cas que l&#8217;Usuari hagi consentit expressament a l&#8217;enviament de comunicacions comercials per via electr\u00f2nica mitjan\u00e7ant la subscripci\u00f3 de la NEWSLETTER;<\/li><li>Respondre a les consultes i\/o proporcionar informacions requerides per l&#8217;Usuari;<\/li><li>Realitzar les prestacions de serveis i\/o productes contractats o subscrits per l&#8217;Usuari<\/li><li>Utilitzar les seves dades per contactar-li, tant per via electr\u00f2nica com no electr\u00f2nica, per obtenir la seva opini\u00f3 sobre el servei prestat i,<\/li><li>Notificar-li canvis, desenvolupaments importants de la pol\u00edtica de privacitat, av\u00eds legal o pol\u00edtica de cookies.<\/li><li>Es realitzaran an\u00e0lisi de perfils i d&#8217;usabilitat.<\/li><li>Les dades de clients i\/o prove\u00efdors seran tractats, dins de la relaci\u00f3 contractual que els vincula amb el responsable, en compliment de les obligacions administratives, fiscals, comptables i laborables que siguin necess\u00e0ries en virtut de la legislaci\u00f3 vigent.<\/li><\/ul>\n\n\n\n<p>Pot revocar a qualsevol moment el seu consentiment remetent un escrit amb l&#8217;assumpte \u201cBaixa\u201d a info@.<\/p>\n\n\n\n<p>D&#8217;acord amb la LSSICE, ICAD PROFESSIONAL, S.L. no realitza pr\u00e0ctiques de SPAM, per tant, no envia correus comercials per e-mail que no hagin estat pr\u00e8viament sol\u00b7licitats o autoritzats per l&#8217;Usuari. En conseq\u00fc\u00e8ncia, en totes les comunicacions que rebr\u00e0 del prestador, l&#8217;usuari t\u00e9 la possibilitat de cancel\u00b7lar el seu consentiment expr\u00e9s per rebre les nostres comunicacions. No tractarem les seves dades personals per a cap altra finalitat de les descrites llevat per obligaci\u00f3 legal o requeriment judicial.<\/p>\n\n\n\n<p><strong>LEGITIMACI\u00d3 DEL TRACTAMENT<\/strong><\/p>\n\n\n\n<p>La base legal per al tractament de les dades \u00e9s el seu consentiment atorgat per dur a terme les finalitats anteriorment descrites, que se sol\u00b7licitar\u00e0 al moment de marcat de la casella corresponent a l&#8217;hora de recollir les seves dades.<\/p>\n\n\n\n<p>El no facilitar les dades personals sol\u00b7licitades o el no acceptar la present pol\u00edtica de protecci\u00f3 de dades suposa la impossibilitat de subscriure&#8217;s, registrar-se o rebre informaci\u00f3 dels productes i serveis del Prestador.<\/p>\n\n\n\n<p>En els casos en qu\u00e8 existeixi una pr\u00e8via relaci\u00f3 contractual entre les parts, la legitimaci\u00f3 per al desenvolupament de les obligacions administratives, fiscals, comptables i laborals que siguin necess\u00e0ries en virtut de la legislaci\u00f3 vigent ser\u00e0 l&#8217;exist\u00e8ncia pr\u00e8via de la relaci\u00f3 comercial establerta entre les parts.<\/p>\n\n\n\n<p><strong>DESTINATARIS DE CESSIONS O TRANSFER\u00c8NCIES<\/strong><\/p>\n\n\n\n<p>ICAD PROFESSIONAL, S.L. no duu a terme cap cessi\u00f3 o comunicaci\u00f3 de dades tret que existeixi necessitat raonable per complir amb un procediment judicial, obligaci\u00f3 legal o pr\u00e8via obtenci\u00f3 del consentiment de l&#8217;usuari.<\/p>\n\n\n\n<p>Tampoc es realitzaran transfer\u00e8ncies internacionals de les seves dades de car\u00e0cter personal sense el seu consentiment previ sense perjudici de poder bloquejar o cancel\u00b7lar el seu compte si pot haver-hi indicis de la comissi\u00f3 d&#8217;algun delicte per part de l&#8217;usuari. La informaci\u00f3 facilitada ser\u00e0 solament la que disposi en aquest moment el prestador.<\/p>\n\n\n\n<p>ICAD PROFESSIONAL, S.L. no cedir\u00e0 les dades recollides a tercers tret que existeixi necessitat raonable per complir amb un procediment judicial, obligaci\u00f3 legal o pr\u00e8via obtenci\u00f3 del consentiment de l&#8217;usuari. La informaci\u00f3 que vost\u00e8 ens proporcioni tant a trav\u00e9s d&#8217;aquest lloc web com a trav\u00e9s de l&#8217;aplicaci\u00f3 ser\u00e0 allotjada en els servidors de ICAD PROFESSIONAL, S.L., contractats a l&#8217;empresa ____________ (d&#8217;ara endavant, ___) amb NIF ______ i domicili fiscal situat en _______. El tractament de les dades d&#8217;aquesta entitat es troba regulat mitjan\u00e7ant un contracte d&#8217;encarregat del tractament entre el prestador i aquesta empresa. En cap cas aquest encarregat del tractament subcontractar\u00e0 serveis que comportin algun tractament de dades per tercers sense el nostre previ consentiment.<\/p>\n\n\n\n<p><strong>COMUNICACIONS<\/strong><\/p>\n\n\n\n<p>Qualsevol comunicaci\u00f3 remesa quedar\u00e0 incorporada als sistemes d&#8217;informaci\u00f3 de ICAD PROFESSIONAL, S.L. En acceptar les presents condicions, termes i pol\u00edtiques, l&#8217;Usuari consent expressament al fet que ICAD PROFESSIONAL, S.L. realitzi les seg\u00fcents activitats i\/o accions, tret que l&#8217;Usuari indiqui el contrari:<\/p>\n\n\n\n<ul class=\"wp-block-list\"><li>L&#8217;enviament de comunicacions comercials i\/o promocionals per qualsevol mitj\u00e0 habilitat informant els Usuaris de les activitats, serveis, promocions, publicitat, not\u00edcies, ofertes i altra informaci\u00f3 sobre els serveis i productes relacionats amb l&#8217;activitat.<\/li><li>En cas que l&#8217;Usuari hagi consentit expressament a l&#8217;enviament de comunicacions comercials per via electr\u00f2nica mitjan\u00e7ant la subscripci\u00f3 de la NEWSLETTER, l&#8217;enviament d&#8217;aquestes comunicacions per mitjans electr\u00f2nics informant els Usuaris de les activitats, serveis, promocions, publicitat, not\u00edcies, ofertes i altra informaci\u00f3 sobre els serveis i productes de ICAD PROFESSIONAL, S.L. iguals o similars als quals van anar inicialment objecte de contractaci\u00f3 o d&#8217;inter\u00e8s per l&#8217;Usuari.<\/li><li>La conservaci\u00f3 de les dades durant els terminis previstos en les disposicions aplicables.<\/li><\/ul>\n\n\n\n<p><strong>DRETS DE LES PERSONES INTERESSADES<\/strong><\/p>\n\n\n\n<p>Com a usuari-interessat, pot sol\u00b7licitar l&#8217;exercici dels seg\u00fcents drets davant ICAD PROFESSIONAL, S.L. presentant un escrit a l&#8217;adre\u00e7a postal de l&#8217;encap\u00e7alament o enviant un correu electr\u00f2nic a <a href=\"mailto:info@\">info@<\/a>, indicant com a Assumpte: \u201cPROTECCI\u00d3 DE DADES: DRETS AFECTATS\u201d, i adjuntant fotoc\u00f2pia del seu DNI o qualsevol mitj\u00e0 an\u00e0leg en dret, tal com indica la llei.<\/p>\n\n\n\n<p><strong>Drets:<\/strong><\/p>\n\n\n\n<ul class=\"wp-block-list\"><li><strong>Dret d&#8217;acc\u00e9s:<\/strong> permet a l&#8217;interessat con\u00e8ixer i obtenir informaci\u00f3 sobre les seves dades de car\u00e0cter personal sotmesos a tractament.<\/li><li><strong>Dret de rectificaci\u00f3 o supressi\u00f3:<\/strong> permet corregir errors i modificar les dades que resultin ser inexactes o incomplets.<\/li><li><strong>Dret de cancel\u00b7laci\u00f3:<\/strong> permet que se suprimeixin les dades que resultin ser inadequats o excessius.<\/li><li><strong>Dret d&#8217;oposici\u00f3:<\/strong> dret de l&#8217;interessat al fet que no es dugui a terme el tractament de les seves dades de car\u00e0cter personal o se cessi en el mateix.<\/li><li><strong>Limitaci\u00f3 del tractament:<\/strong> comporta el marcat de les dades personals conservades, amb la finalitat de limitar el seu futur tractament.<\/li><li><strong>Portabilitat de les dades:<\/strong> facilitaci\u00f3 de les dades objecto de tractament a l&#8217;interessat, a fi que aquest pugui transmetre&#8217;ls a un altre responsable, sense impediments.<\/li><li><strong>Dret a no ser objecte de decisions individuals automatitzades (inclosa l&#8217;elaboraci\u00f3 de perfils):<\/strong> dret a no ser objecte d&#8217;una decisi\u00f3 basada en el tractament automatitzat que produeixi efectes o afecti significativament.<\/li><\/ul>\n\n\n\n<p>Com a usuari, t\u00e9 dret a retirar el consentiment prestat a qualsevol moment. La retirada del consentiment no afectar\u00e0 la licitud del tractament efectuat abans de la retirada del consentiment.<\/p>\n\n\n\n<p>Tamb\u00e9 t\u00e9 dret a presentar una reclamaci\u00f3 davant l&#8217;autoritat de control si considera que poden haver-se vist vulnerats els seus drets en relaci\u00f3 amb la protecci\u00f3 de les seves dades (agpd.es).<\/p>\n\n\n\n<p><strong>CONSERVACI\u00d3 DE LES SEVES DADES<\/strong><\/p>\n\n\n\n<p>Les seves dades es conservaran mentre duri la relaci\u00f3 comercial amb nosaltres o exerciti el seu dret de cancel\u00b7laci\u00f3 o oposici\u00f3, o limitaci\u00f3 al tractament. No obstant aix\u00f2, conservarem determinats dades personals identificatives i del tr\u00e0fic durant el termini m\u00e0xim de 2 anys per al cas que fos requerit pels Jutges i Tribunals o per incoar accions internes derivades de l&#8217;\u00fas indegut de la p\u00e0gina web.<\/p>\n\n\n\n<p>No ser\u00e0 objecte de decisions basades en tractaments automatitzats que produeixin efectes sobre les seves dades.<\/p>\n\n\n\n<p><strong>INFORMACI\u00d3 ADDICIONAL<\/strong><\/p>\n\n\n\n<p><strong>INFORMACI\u00d3 QUE RECAPTEM:<\/strong><\/p>\n\n\n\n<p>Les dades recollides per part del responsable s\u00f3n els seg\u00fcents:<\/p>\n\n\n\n<ul class=\"wp-block-list\"><li>Aquells que els usuaris subministrin a trav\u00e9s dels diferents serveis oferts a la p\u00e0gina web<\/li><li>Aquells inclosos en els diferents formularis previstos a la p\u00e0gina web<\/li><li>Dades recollides a trav\u00e9s de les \u201ccookies\u201d per a la millora de l&#8217;experi\u00e8ncia de la navegaci\u00f3 segons s&#8217;informa en la pol\u00edtica de cookies.<\/li><\/ul>\n\n\n\n<p>La negativa a subministrar les dades obligat\u00f2ries suposar\u00e0 la impossibilitat d&#8217;atendre la concreta sol\u00b7licitud que es tracti. Vost\u00e8 manifesta que la informaci\u00f3 i les dades que ens facilita s\u00f3n exactes, actuals i veraces. Li preguem que en cas de modificaci\u00f3, comuniqui immediatament la mateixa a fi que la informaci\u00f3 en tractament estigui a tot moment actualitzada i no contingui errors. Si contracta el servei\/compra el producte mitjan\u00e7ant la nostra p\u00e0gina web <a href=\"https:\">www.icadsl.com<\/a> li sol\u00b7licitarem que ens proporcioni informaci\u00f3 sobre vost\u00e8, inclosos el seu nom, dades de contacte i informaci\u00f3 sobre una targeta de cr\u00e8dit o de d\u00e8bit.<\/p>\n\n\n\n<p>A trav\u00e9s d&#8217;aquesta Pol\u00edtica de Privacitat l&#8217;informem que les fotografies que estiguin penjades a la web s\u00f3n propietat de ICAD PROFESSIONAL, S.L., incloent-hi les dels menors, en les quals, per a l&#8217;obtenci\u00f3 d&#8217;aquestes, s&#8217;ha obtingut el consentiment previ dels pares, tutors o representants legals mitjan\u00e7ant la signatura dels formularis realitzats a aquest efecte pels centres en els quals els menors formen part. No obstant aix\u00f2, els pares, tutors o representants dels menors, com a titulars de l&#8217;exercici dels drets d&#8217;aquests, i sempre previ requeriment formal per escrit, poden indicar la negativa a l&#8217;\u00fas de la imatge del menor; en aquest cas, la imatge es mostrar\u00e0 #pixelat.<\/p>\n\n\n\n<p><strong>XARXES SOCIALS<\/strong><\/p>\n\n\n\n<p>L&#8217;informem que ICAD PROFESSIONAL, S.L. pot tenir pres\u00e8ncia en xarxes socials. El tractament de les dades que es dugui a terme de les persones que es facin seguidores a les xarxes socials (i\/o realitzin qualsevol vincle o acci\u00f3 de connexi\u00f3 a trav\u00e9s de les xarxes socials) de les p\u00e0gines oficials de ICAD PROFESSIONAL, S.L. es regir\u00e0 per aquest apartat, aix\u00ed com per aquelles condicions d&#8217;\u00fas, pol\u00edtiques de privacitat i normatives d&#8217;acc\u00e9s que pertanyin a la xarxa social que procedeixi en cada cas i acceptades pr\u00e8viament per l&#8217;usuari.<\/p>\n\n\n\n<p>ICAD PROFESSIONAL, S.L. tractar\u00e0 les seves dades amb les finalitats d&#8217;administrar correctament la seva pres\u00e8ncia a la xarxa social, informant-li d&#8217;activitats, productes o serveis del prestador, aix\u00ed com per a qualsevol altra finalitat que les normatives de les Xarxes Socials permetin. Queda prohibida la publicaci\u00f3 de continguts:<\/p>\n\n\n\n<ul class=\"wp-block-list\"><li>Que siguin presumptament il\u00b7l\u00edcits per la normativa nacional, comunit\u00e0ria o internacional o que realitzin activitats presumptament il\u00b7l\u00edcites o contravinguin els principis de la bona fe.<\/li><li>Que atemptin contra els drets fonamentals de les persones, faltin a la cortesia a la xarxa, molestin o puguin generar opinions negatives en els nostres usuaris o tercers i en general qualssevol siguin els continguts que ICAD PROFESSIONAL, S.L. consideri inadequats.<\/li><li>I en general que contravinguin els principis de legalitat, responsabilitat, protecci\u00f3 de la dignitat humana, protecci\u00f3 de menors, protecci\u00f3 de l&#8217;ordre p\u00fablic, la protecci\u00f3 de la vida privada, la protecci\u00f3 del consumidor i els drets de propietat intel\u00b7lectual i industrial.<\/li><\/ul>\n\n\n\n<p>Aix\u00ed mateix, ICAD PROFESSIONAL, S.L. es reserva la potestat de retirar, sense previ av\u00eds del lloc web o de la xarxa social corporativa aquells continguts que es considerin inadequats.<\/p>\n\n\n\n<p>Les comunicacions remeses a trav\u00e9s de les xarxes socials seran incorporades a un arxiu propietat de ICAD PROFESSIONAL, S.L., podent-li enviar informaci\u00f3 del seu inter\u00e8s.<\/p>\n\n\n\n<p>Pot accedir a m\u00e9s informaci\u00f3, aix\u00ed com consultar les empreses que formen part de ICAD PROFESSIONAL, S.L., mitjan\u00e7ant el seg\u00fcent enlla\u00e7: www.empresa.com\/politicadeprivacidad.<\/p>\n\n\n\n<p>En tot cas, si V\u00e8. remet informaci\u00f3 personal a trav\u00e9s de la xarxa social, ICAD PROFESSIONAL, S.L. quedar\u00e0 exempt de responsabilitat en relaci\u00f3 a les mesures de seguretat aplicables a la present plataforma, devent l&#8217;usuari en cas de voler con\u00e8ixer-les, consultar les corresponents condicions particulars de la xarxa en q\u00fcesti\u00f3.<\/p>\n\n\n\n<p><strong>MESURES DE SEGURETAT:<\/strong><\/p>\n\n\n\n<p>Les dades que ens faciliti es tractaran de forma confidencial. El Prestador ha adoptat totes les mesures t\u00e8cniques i organitzatives i tots els nivells de protecci\u00f3 necessaris per garantir la seguretat en el tractament de les dades i evitar la seva alteraci\u00f3, p\u00e8rdua, robatori, tractament o acc\u00e9s no autoritzat, d&#8217;acord l&#8217;estat de la tecnologia i naturalesa de les dades emmagatzemades. Aix\u00ed mateix, es garanteix tamb\u00e9 que el tractament i registre en fitxers, programes, sistemes o equips, locals i centres compleixen amb els requisits i condicions d&#8217;integritat i seguretat establertes en la normativa vigent.<\/p>\n\n\n\n<p><strong>IDIOMA<\/strong><\/p>\n\n\n\n<p>L&#8217;idioma aplicable a aquesta Pol\u00edtica de Privacitat \u00e9s l&#8217;espanyol. Per tant, en cas que hi hagu\u00e9s alguna contradicci\u00f3 en alguna de les versions facilitades en altres idiomes, prevaldr\u00e0 la versi\u00f3 en espanyol.<\/p>\n\n\n\n<p><strong>ENVIAMENT CV<\/strong><\/p>\n\n\n\n<p>En el cas que l&#8217;usuari envi\u00ef el seu CV a trav\u00e9s de la nostra web, l&#8217;informem que les dades aportades seran tractats per fer-ho part\u00edcip dels processos de selecci\u00f3 que pugui haver-hi, duent a terme una an\u00e0lisi del perfil del sol\u00b7licitant amb l&#8217;objectiu de seleccionar el millor candidat per al lloc vacant del Responsable. Ho informem que aquest \u00e9s l&#8217;\u00fanic procediment oficial per acceptar el seu curr\u00edculum, de manera que no s&#8217;acceptaran els curr\u00edculums remesos per un altre procediment diferent. En cas de produir-se alguna modificaci\u00f3 en les dades, li preguem ens ho comuniqui per escrit el m\u00e9s davant possible, a fi de mantenir les seves dades degudament actualitzades.<\/p>\n\n\n\n<p>Les dades es conservaran durant un termini m\u00e0xim d&#8217;un any, transcorregut el qual es procedir\u00e0 a la supressi\u00f3 de les dades garantint-li un total respecte a la confidencialitat tant en el tractament com en la seva posterior destrucci\u00f3. En aquest sentit, transcorregut l&#8217;esmentat termini, i si desitja continuar participant en els processos de selecci\u00f3 del Responsable, li preguem ens remeti novament el seu curr\u00edculum.<\/p>\n\n\n\n<p>Les dades es podran tractar i\/o comunicar a les empreses integrants del nostre grup durant el temps de conservaci\u00f3 del seu curr\u00edculum i per a les mateixes finalitats abans informats.<\/p>\n\n\n\n<p><strong>SUBSCRIPCI\u00d3 Al BLOG<\/strong><\/p>\n\n\n\n<p>En el cas que l&#8217;usuari se subscrigui al blog, l&#8217;informem que les dades aportades seran tractats per gestionar la seva subscripci\u00f3 al blog informatiu amb av\u00eds d&#8217;actualitzaci\u00f3 i que es conservaran mentre hi hagi un inter\u00e8s mutu per mantenir la fi del tractament. Quan ja no sigui necessari per a tal fi, se suprimiran amb mesures de seguretat adequades per garantir la seudonimizaci\u00f3 de les dades o destrucci\u00f3 total dels mateixos. No es comunicaran les dades a tercers, excepte obligaci\u00f3 legal.<\/p>\n\n\n\n<p><strong>PARTICIPACI\u00d3 EN F\u00d2RUMS<\/strong><\/p>\n\n\n\n<p>En el cas que l&#8217;usuari vulgui participar en els f\u00f2rums de la web, l&#8217;informem que les dades aportades seran tractats per regular la participaci\u00f3 en el mateix. Qualsevol registre o transmissi\u00f3 de dades personals que l&#8217;usuari d&#8217;aquest f\u00f2rum faciliti suposa el coneixement i acceptaci\u00f3 inequ\u00edvoca de l&#8217;Av\u00eds Legal i la Pol\u00edtica de Privacitat exposats a la p\u00e0gina web. Les dades es conservaran mentre hi hagi un inter\u00e8s mutu per mantenir la fi del tractament i quan ja no sigui necessari per a tal fi, se suprimiran amb mesures de seguretat adequades per garantir la seudonimitzaci\u00f3 de les dades o destrucci\u00f3 total dels mateixos. Les publicacions es mostraran p\u00fablicament als usuaris del f\u00f2rum online.<\/p>\n\n\n\n<p><strong>PUBLICACI\u00d3 DEL SEU TESTIMONIATGE<\/strong><\/p>\n\n\n\n<p>En el cas que l&#8217;usuari vulgui publicar la seva opini\u00f3 a la web, l&#8217;informem que les dades aportades seran tractats seran per atendre els suggeriments proposats, experi\u00e8ncies o opinions respecte dels productes i\/o serveis per ser publicades a la p\u00e0gina web i aix\u00ed poder ajudar a altres usuaris. Les dades es conservaran mentre hi hagi un inter\u00e8s mutu per mantenir la fi del tractament i quan ja no sigui necessari per a tal fi, se suprimiran amb mesures de seguretat adequades per garantir la seudonimitzaci\u00f3 de les dades o destrucci\u00f3 total dels mateixos. Els testimonis es publicaran a la nostra p\u00e0gina web. L&#8217;\u00fanica dada personal que es publicar\u00e0 del testimoni ser\u00e0 el seu nom.<\/p>\n\n\n\n<p><strong>CANVIS EN LA PRESENT POL\u00cdTICA DE PRIVACITAT<\/strong><\/p>\n\n\n\n<p>ICAD PROFESSIONAL, S.L. es reserva el dret a modificar la present pol\u00edtica per adaptar-la a novetats legislatives o jurisprudencials.<\/p>\n\n\n\n<p><strong>LEGISLACI\u00d3<\/strong><\/p>\n\n\n\n<p>Amb car\u00e0cter general les relacions entre ICAD PROFESSIONAL, S.L. amb els Usuaris dels seus serveis telem\u00e0tics, presents en aquesta Web, estan sotmesos a la legislaci\u00f3 i jurisdicci\u00f3 espanyola a la qual es sotmeten expressament les parts, essent competents per la resoluci\u00f3 de tots els conflictes derivats o&nbsp;relacionats amb el seu \u00fas els Jutjats i Tribunals de Girona.<\/p>\n","protected":false},"excerpt":{"rendered":"<p>RESPONSABLE ICAD PROFESSIONAL, S.L. +info FINALITAT \u2022&nbsp;realitzar les gestions comercials i administratives necess\u00e0ries amb els usuaris de la web\u2022&nbsp;remetre les comunicacions comercials publicit\u00e0ries per email, fax, SMS, MMS, comunitats socials o qualsevol altre mitj\u00e0 electr\u00f2nic o f\u00edsic (si ha acceptat pr\u00e8viament)\u2022&nbsp;respondre a les consultes i\/o proporcionar informacions requerides per l&#8217;Usuari;\u2022&nbsp;realitzar les prestacions de serveis i\/o [&hellip;]<\/p>\n","protected":false},"author":1,"featured_media":0,"parent":0,"menu_order":0,"comment_status":"closed","ping_status":"closed","template":"","meta":{"site-sidebar-layout":"no-sidebar","site-content-layout":"default","ast-site-content-layout":"default","site-content-style":"default","site-sidebar-style":"default","ast-global-header-display":"","ast-banner-title-visibility":"","ast-main-header-display":"","ast-hfb-above-header-display":"","ast-hfb-below-header-display":"","ast-hfb-mobile-header-display":"","site-post-title":"","ast-breadcrumbs-content":"","ast-featured-img":"","footer-sml-layout":"","ast-disable-related-posts":"","theme-transparent-header-meta":"default","adv-header-id-meta":"","stick-header-meta":"","header-above-stick-meta":"","header-main-stick-meta":"","header-below-stick-meta":"","astra-migrate-meta-layouts":"default","ast-page-background-enabled":"default","ast-page-background-meta":{"desktop":{"background-color":"var(--ast-global-color-4)","background-image":"","background-repeat":"repeat","background-position":"center center","background-size":"auto","background-attachment":"scroll","background-type":"","background-media":"","overlay-type":"","overlay-color":"","overlay-opacity":"","overlay-gradient":""},"tablet":{"background-color":"","background-image":"","background-repeat":"repeat","background-position":"center center","background-size":"auto","background-attachment":"scroll","background-type":"","background-media":"","overlay-type":"","overlay-color":"","overlay-opacity":"","overlay-gradient":""},"mobile":{"background-color":"","background-image":"","background-repeat":"repeat","background-position":"center center","background-size":"auto","background-attachment":"scroll","background-type":"","background-media":"","overlay-type":"","overlay-color":"","overlay-opacity":"","overlay-gradient":""}},"ast-content-background-meta":{"desktop":{"background-color":"var(--ast-global-color-5)","background-image":"","background-repeat":"repeat","background-position":"center center","background-size":"auto","background-attachment":"scroll","background-type":"","background-media":"","overlay-type":"","overlay-color":"","overlay-opacity":"","overlay-gradient":""},"tablet":{"background-color":"var(--ast-global-color-5)","background-image":"","background-repeat":"repeat","background-position":"center center","background-size":"auto","background-attachment":"scroll","background-type":"","background-media":"","overlay-type":"","overlay-color":"","overlay-opacity":"","overlay-gradient":""},"mobile":{"background-color":"var(--ast-global-color-5)","background-image":"","background-repeat":"repeat","background-position":"center center","background-size":"auto","background-attachment":"scroll","background-type":"","background-media":"","overlay-type":"","overlay-color":"","overlay-opacity":"","overlay-gradient":""}},"footnotes":""},"class_list":["post-472","page","type-page","status-publish","hentry"],"_links":{"self":[{"href":"https:\/\/icadsl.com\/index.php\/wp-json\/wp\/v2\/pages\/472","targetHints":{"allow":["GET"]}}],"collection":[{"href":"https:\/\/icadsl.com\/index.php\/wp-json\/wp\/v2\/pages"}],"about":[{"href":"https:\/\/icadsl.com\/index.php\/wp-json\/wp\/v2\/types\/page"}],"author":[{"embeddable":true,"href":"https:\/\/icadsl.com\/index.php\/wp-json\/wp\/v2\/users\/1"}],"replies":[{"embeddable":true,"href":"https:\/\/icadsl.com\/index.php\/wp-json\/wp\/v2\/comments?post=472"}],"version-history":[{"count":4,"href":"https:\/\/icadsl.com\/index.php\/wp-json\/wp\/v2\/pages\/472\/revisions"}],"predecessor-version":[{"id":480,"href":"https:\/\/icadsl.com\/index.php\/wp-json\/wp\/v2\/pages\/472\/revisions\/480"}],"wp:attachment":[{"href":"https:\/\/icadsl.com\/index.php\/wp-json\/wp\/v2\/media?parent=472"}],"curies":[{"name":"wp","href":"https:\/\/api.w.org\/{rel}","templated":true}]}}